{"id":2914,"date":"2026-04-27T12:23:30","date_gmt":"2026-04-27T15:23:30","guid":{"rendered":"https:\/\/manauara.org\/?page_id=2914"},"modified":"2026-04-27T14:47:47","modified_gmt":"2026-04-27T17:47:47","slug":"mapeamento-do-campo-social-de-manaus","status":"publish","type":"page","link":"https:\/\/manauara.org\/en\/mapeamento-do-campo-social-de-manaus\/","title":{"rendered":"Mapeamento do Campo Social de Manaus"},"content":{"rendered":"\n\t\t<div id=\"fws_69efc0f340917\"  data-column-margin=\"none\" data-midnight=\"custom\" data-top-percent=\"8%\" data-bottom-percent=\"8%\"  class=\"wpb_row vc_row-fluid vc_row full-width-section parallax_section top_padding_tablet_30pct top_padding_phone_40pct bottom_padding_tablet_30pct bottom_padding_phone_40pct\"  style=\"padding-top: calc(100vw * 0.08); padding-bottom: calc(100vw * 0.08); \"><div class=\"row-bg-wrap\" data-bg-animation=\"zoom-out\" data-bg-animation-delay=\"\" data-bg-overlay=\"true\"><div class=\"inner-wrap row-bg-layer using-image\" ><div class=\"row-bg viewport-desktop using-image using-bg-color\" data-parallax-speed=\"fast\" style=\"background-image: url(https:\/\/i0.wp.com\/manauara.org\/wp-content\/uploads\/2024\/07\/headerFundos.webp?fit=1400%2C400&#038;ssl=1); background-position: center center; background-repeat: no-repeat; background-color: #94a6a2; \"><\/div><\/div><div class=\"row-bg-overlay row-bg-layer\" style=\"background-color:#000000;  opacity: 0.3; \"><\/div><\/div><div class=\"nectar-shape-divider-wrap \" style=\" height:45%;\" data-using-percent-val=\"true\" data-height=\"45%\" data-front=\"\" data-style=\"mountains\" data-position=\"bottom\" ><svg class=\"nectar-shape-divider\" fill=\"#ffffff\" xmlns=\"http:\/\/www.w3.org\/2000\/svg\" viewBox=\"0 0 1000 300\" preserveAspectRatio=\"none\">\n          <path d=\"M 1014 264 v 122 h -808 l -172 -86 s 310.42 -22.84 402 -79 c 106 -65 154 -61 268 -12 c 107 46 195.11 5.94 275 137 z\"><\/path>   <path d=\"M -302 55 s 235.27 208.25 352 159 c 128 -54 233 -98 303 -73 c 92.68 33.1 181.28 115.19 235 108 c 104.9 -14 176.52 -173.06 267 -118 c 85.61 52.09 145 123 145 123 v 74 l -1306 10 z\"><\/path>\n          <path d=\"M -286 255 s 214 -103 338 -129 s 203 29 384 101 c 145.57 57.91 178.7 50.79 272 0 c 79 -43 301 -224 385 -63 c 53 101.63 -62 129 -62 129 l -107 84 l -1212 12 z\"><\/path>\n          <path d=\"M -24 69 s 299.68 301.66 413 245 c 8 -4 233 2 284 42 c 17.47 13.7 172 -132 217 -174 c 54.8 -51.15 128 -90 188 -39 c 76.12 64.7 118 99 118 99 l -12 132 l -1212 12 z\"><\/path>\n          <path d=\"M -12 201 s 70 83 194 57 s 160.29 -36.77 274 6 c 109 41 184.82 24.36 265 -15 c 55 -27 116.5 -57.69 214 4 c 49 31 95 26 95 26 l -6 151 l -1036 10 z\"><\/path> <\/svg><\/div><div class=\"row_col_wrap_12 col span_12 custom left\">\n\t<div  class=\"vc_col-sm-12 wpb_column column_container vc_column_container col no-extra-padding force-phone-text-align-center el_spacing_0px inherit_tablet inherit_phone \"  data-padding-pos=\"all\" data-has-bg-color=\"false\" data-bg-color=\"\" data-bg-opacity=\"1\" data-animation=\"\" data-delay=\"0\" >\n\t\t<div class=\"vc_column-inner\" >\n\t\t\t<div class=\"wpb_wrapper\">\n\t\t\t\t<div class=\"nectar-split-heading  font_size_6vh \" data-align=\"default\" data-m-align=\"inherit\" data-text-effect=\"none\" data-animation-type=\"line-reveal-by-space\" data-animation-delay=\"0\" data-animation-offset=\"\" data-m-rm-animation=\"\" data-stagger=\"\" data-custom-font-size=\"true\" style=\"font-size: 6vh; line-height: 6.6vh;\"><h1 style=\" color: #ffffff;\">Mapeamento do campo social de Manaus<\/h1><\/div>\n\t\t\t<\/div> \n\t\t<\/div>\n\t<\/div> \n<\/div><\/div>\n\t\t<div id=\"fws_69efc0f3414fc\"  data-column-margin=\"default\" data-midnight=\"dark\" data-top-percent=\"6%\" data-bottom-percent=\"8%\"  class=\"wpb_row vc_row-fluid vc_row full-width-section\"  style=\"padding-top: calc(100vw * 0.06); padding-bottom: calc(100vw * 0.08); \"><div class=\"row-bg-wrap\" data-bg-animation=\"none\" data-bg-animation-delay=\"\" data-bg-overlay=\"false\"><div class=\"inner-wrap row-bg-layer\" ><div class=\"row-bg viewport-desktop using-bg-color\"  style=\"background-color: #ffffff; \"><\/div><\/div><\/div><div class=\"nectar-shape-divider-wrap \" style=\" height:120px;\"  data-height=\"120\" data-front=\"\" data-style=\"mountains\" data-position=\"bottom\" ><svg class=\"nectar-shape-divider\" fill=\"#e9f2f1\" xmlns=\"http:\/\/www.w3.org\/2000\/svg\" viewBox=\"0 0 1000 300\" preserveAspectRatio=\"none\">\n          <path d=\"M 1014 264 v 122 h -808 l -172 -86 s 310.42 -22.84 402 -79 c 106 -65 154 -61 268 -12 c 107 46 195.11 5.94 275 137 z\"><\/path>   <path d=\"M -302 55 s 235.27 208.25 352 159 c 128 -54 233 -98 303 -73 c 92.68 33.1 181.28 115.19 235 108 c 104.9 -14 176.52 -173.06 267 -118 c 85.61 52.09 145 123 145 123 v 74 l -1306 10 z\"><\/path>\n          <path d=\"M -286 255 s 214 -103 338 -129 s 203 29 384 101 c 145.57 57.91 178.7 50.79 272 0 c 79 -43 301 -224 385 -63 c 53 101.63 -62 129 -62 129 l -107 84 l -1212 12 z\"><\/path>\n          <path d=\"M -24 69 s 299.68 301.66 413 245 c 8 -4 233 2 284 42 c 17.47 13.7 172 -132 217 -174 c 54.8 -51.15 128 -90 188 -39 c 76.12 64.7 118 99 118 99 l -12 132 l -1212 12 z\"><\/path>\n          <path d=\"M -12 201 s 70 83 194 57 s 160.29 -36.77 274 6 c 109 41 184.82 24.36 265 -15 c 55 -27 116.5 -57.69 214 4 c 49 31 95 26 95 26 l -6 151 l -1036 10 z\"><\/path> <\/svg><\/div><div class=\"row_col_wrap_12 col span_12 dark left\">\n\t<div  class=\"vc_col-sm-12 wpb_column column_container vc_column_container col no-extra-padding inherit_tablet inherit_phone \"  data-padding-pos=\"all\" data-has-bg-color=\"false\" data-bg-color=\"\" data-bg-opacity=\"1\" data-animation=\"\" data-delay=\"0\" >\n\t\t<div class=\"vc_column-inner\" >\n\t\t\t<div class=\"wpb_wrapper\">\n\t\t\t\t<div class=\"nectar-split-heading  font_size_1-4em font_line_height_1-6 \" data-align=\"default\" data-m-align=\"inherit\" data-text-effect=\"none\" data-animation-type=\"line-reveal-by-space\" data-animation-delay=\"0\" data-animation-offset=\"\" data-m-rm-animation=\"\" data-stagger=\"\" data-custom-font-size=\"true\" style=\"font-size: 1px; line-height: 1.5px;\"><p style=\" color: #2f403d;\">O campo social de Manaus n\u00e3o est\u00e1 vazio de dados, mas fragmentado entre bases censit\u00e1rias, diagn\u00f3sticos setoriais, planos territoriais, pesquisas acad\u00eamicas e levantamentos de organiza\u00e7\u00f5es sociais. Por isso, nosso mapeamento n\u00e3o come\u00e7a \u201cdo zero\u201d, mas articula o que j\u00e1 existe com busca ativa territorial. Isso significa combinar bases p\u00fablicas estruturantes, diagn\u00f3sticos locais recentes, processos participativos do poder p\u00fablico e pesquisa qualitativa em rede para identificar lideran\u00e7as femininas que j\u00e1 operam como n\u00f3s de confian\u00e7a, cuidado, informa\u00e7\u00e3o e mobiliza\u00e7\u00e3o em bairros vulner\u00e1veis.<\/p><\/div>\n\t\t\t<\/div> \n\t\t<\/div>\n\t<\/div> \n<\/div><\/div>\n\t\t<div id=\"fws_69efc0f3420fa\"  data-column-margin=\"80px\" data-midnight=\"dark\"  class=\"wpb_row vc_row-fluid vc_row vc_row-o-equal-height vc_row-flex  top_margin_6pct\"  style=\"padding-top: 0px; padding-bottom: 0px; \"><div class=\"row-bg-wrap\" data-bg-animation=\"none\" data-bg-animation-delay=\"\" data-bg-overlay=\"false\"><div class=\"inner-wrap row-bg-layer\" ><div class=\"row-bg viewport-desktop\"  style=\"\"><\/div><\/div><\/div><div class=\"row_col_wrap_12 col span_12 dark left\">\n\t<div  class=\"vc_col-sm-6 wpb_column column_container vc_column_container col no-extra-padding inherit_tablet inherit_phone \"  data-padding-pos=\"all\" data-has-bg-color=\"false\" data-bg-color=\"\" data-bg-opacity=\"1\" data-animation=\"\" data-delay=\"0\" >\n\t\t<div class=\"vc_column-inner\" >\n\t\t\t<div class=\"wpb_wrapper\">\n\t\t\t\t\n<div class=\"wpb_text_column wpb_content_element \" >\n\t<div class=\"wpb_wrapper\">\n\t\t<h4>1) LEVANTAMENTOS E DIAGN\u00d3STICOS J\u00c1 EXISTENTES<\/h4>\n\t<\/div>\n<\/div>\n\n\n\n\n<div class=\"wpb_text_column wpb_content_element \" >\n\t<div class=\"wpb_wrapper\">\n\t\t<p><em><span style=\"font-weight: 400;\">J\u00e1 existe um conjunto robusto de bases p\u00fablicas que pode informar imediatamente o mapeamento. O Censo 2022 e o portal Cidades do IBGE oferecem popula\u00e7\u00e3o, densidade e recortes municipais; a tipologia de Favelas e Comunidades Urbanas do IBGE d\u00e1 o enquadramento territorial da informalidade; o Censo ind\u00edgena introduz uma camada indispens\u00e1vel para Manaus; o Atlas do Desenvolvimento Humano e o Atlas da Vulnerabilidade Social permitem olhar para renda, educa\u00e7\u00e3o, longevidade e vulnerabilidade; e o ecossistema do Cadastro \u00danico, via CECAD e VIS DATA, permite conhecer caracter\u00edsticas de domic\u00edlio, renda, escolaridade, trabalho, defici\u00eancia e composi\u00e7\u00e3o familiar da popula\u00e7\u00e3o de baixa renda. N\u00e3o \u00e9 pouca informa\u00e7\u00e3o: o desafio n\u00e3o \u00e9 aus\u00eancia de dado, mas integra\u00e7\u00e3o territorial e leitura comunit\u00e1ria. <\/span><a href=\"https:\/\/www.ibge.gov.br\/cidades-e-estados\/am\/manaus.html\"><span style=\"font-weight: 400;\">[1]<\/span><\/a><\/em><\/p>\n<p><em><span style=\"font-weight: 400;\">Tamb\u00e9m h\u00e1 um bloco importante de diagn\u00f3sticos e processos participativos recentes produzidos no pr\u00f3prio territ\u00f3rio. A revis\u00e3o do Plano Municipal de Saneamento B\u00e1sico de Manaus informa que seu diagn\u00f3stico foi constru\u00eddo com solicita\u00e7\u00e3o de dados a secretarias municipais e pesquisa em bases secund\u00e1rias, inclusive artigos e disserta\u00e7\u00f5es. O relat\u00f3rio do PPA Participativo 2026-2029 registrou 2.583 participa\u00e7\u00f5es, 10.332 propostas votadas e 882 sugest\u00f5es. O Plano de A\u00e7\u00e3o Clim\u00e1tica de Manaus incorporou oficina com atores p\u00fablicos, oficina com sociedade civil e formul\u00e1rio de consulta p\u00fablica, al\u00e9m de mapas de risco clim\u00e1tico. O Plancon municipal, por sua vez, sistematiza hip\u00f3teses de desastre e locais suscet\u00edveis. Tudo isso oferece n\u00e3o apenas conte\u00fado, mas m\u00e9todo: consulta, escuta, triangula\u00e7\u00e3o e espacializa\u00e7\u00e3o. <\/span><a href=\"https:\/\/planodesaneamento.manaus.am.gov.br\/wp-content\/uploads\/2026\/01\/PMSB-MANAUS-DIAGNOSTICO-SOCIAMBIENTAL.pdf\"><span style=\"font-weight: 400;\">[2]<\/span><\/a><\/em><\/p>\n<p><em><span style=\"font-weight: 400;\">H\u00e1 ainda um terceiro bloco, mais fino e mais pr\u00f3ximo da realidade dos bairros, vindo de universidades e organiza\u00e7\u00f5es sociais. O diagn\u00f3stico socioambiental da comunidade do Crespo, feito com pesquisa participativa e question\u00e1rios, identificou a aus\u00eancia de saneamento b\u00e1sico como principal problema local, associada a inunda\u00e7\u00f5es e alagamentos. Estudos da UFAM sobre a Zona Oeste e sobre \u00e1reas de risco em Manaus refor\u00e7am a centralidade da fragilidade socioambiental. Pesquisas sobre o igarap\u00e9 do Mindu retomam a rela\u00e7\u00e3o entre polui\u00e7\u00e3o dos corpos d\u2019\u00e1gua, sa\u00fade e urbaniza\u00e7\u00e3o. No campo social e de g\u00eanero, h\u00e1 o Diagn\u00f3stico Socioterritorial do Estado do Amazonas, o diagn\u00f3stico de g\u00eanero da Funda\u00e7\u00e3o Amaz\u00f4nia Sustent\u00e1vel e o relat\u00f3rio do Instituto Bem Cuidar\/AISOS sobre crian\u00e7as e adolescentes em vulnerabilidade em Manaus, todos \u00fateis para enxergar as lacunas de prote\u00e7\u00e3o social e os lugares onde redes comunit\u00e1rias s\u00e3o mais decisivas. <\/span><a href=\"https:\/\/revistas.ufj.edu.br\/geoambiente\/article\/view\/48606\"><span style=\"font-weight: 400;\">[3]<\/span><\/a><\/em><\/p>\n<p><em><span style=\"font-weight: 400;\">A conclus\u00e3o operacional \u00e9 que o novo mapeamento deve ser menos um levantamento \u201cgen\u00e9rico de necessidades\u201d e mais um sistema de leitura em camadas. A primeira camada \u00e9 estat\u00edstica e territorial. A segunda \u00e9 setorial e participativa. A terceira \u00e9 relacional: quem s\u00e3o as mulheres que, em cada territ\u00f3rio, j\u00e1 traduzem problema em resposta concreta, j\u00e1 conectam fam\u00edlias a oportunidades e j\u00e1 operam como antenas permanentes das urg\u00eancias comunit\u00e1rias. Essa terceira camada \u00e9 a que normalmente n\u00e3o aparece sozinha nos grandes bancos de dados, e por isso precisa de busca ativa. <\/span><a href=\"https:\/\/www.idis.org.br\/tag\/manaus\/\"><span style=\"font-weight: 400;\">[4]<\/span><\/a><\/em><\/p>\n\t<\/div>\n<\/div>\n\n\n\n\n\t\t\t<\/div> \n\t\t<\/div>\n\t<\/div> \n\n\t<div  class=\"vc_col-sm-6 wpb_column column_container vc_column_container col no-extra-padding inherit_tablet inherit_phone \"  data-padding-pos=\"all\" data-has-bg-color=\"false\" data-bg-color=\"\" data-bg-opacity=\"1\" data-animation=\"\" data-delay=\"0\" >\n\t\t<div class=\"vc_column-inner\" >\n\t\t\t<div class=\"wpb_wrapper\">\n\t\t\t\t\n<div class=\"wpb_text_column wpb_content_element \" >\n\t<div class=\"wpb_wrapper\">\n\t\t<h4>2) LIDERAN\u00c7AS COMUNIT\u00c1RIAS FEMNININAS: UM PONTO DE &#8220;ACUPUNTURA SOCIAL&#8221;<\/h4>\n\t<\/div>\n<\/div>\n\n\n\n\n<div class=\"wpb_text_column wpb_content_element \" >\n\t<div class=\"wpb_wrapper\">\n\t\t<p><span style=\"font-weight: 400;\">A escolha por apoiar lideran\u00e7as comunit\u00e1rias femininas faz sentido porque o pr\u00f3prio territ\u00f3rio j\u00e1 revela uma infraestrutura de a\u00e7\u00e3o social fortemente feminina. No Prosamin+, por exemplo, o governo do Amazonas informou que 71% das lideran\u00e7as comunit\u00e1rias nas inst\u00e2ncias de participa\u00e7\u00e3o do programa eram mulheres. A literatura sobre Manaus tamb\u00e9m mostra mulheres no centro das lutas por moradia e da organiza\u00e7\u00e3o comunit\u00e1ria, como no caso do Movimento de Mulheres por Moradia Orqu\u00eddeas. E estudos sobre feminismos na Amaz\u00f4nia destacam justamente a lideran\u00e7a de mulheres em comunidades ribeirinhas como parte da constru\u00e7\u00e3o de subjetividades e formas de a\u00e7\u00e3o coletiva historicamente invisibilizadas. <\/span><a href=\"https:\/\/www.agenciaamazonas.am.gov.br\/noticias\/mais-de-70-das-liderancas-comunitarias-do-novo-prosamin-sao-mulheres\/\"><span style=\"font-weight: 400;\">[5]<\/span><\/a><\/p>\n<p><span style=\"font-weight: 400;\">Isso importa porque os problemas mais recorrentes identificados para Manaus s\u00e3o, em grande medida, problemas mediados pelo trabalho feminino cotidiano: gera\u00e7\u00e3o de renda, preven\u00e7\u00e3o \u00e0 gravidez na adolesc\u00eancia, cuidado com crian\u00e7as, sa\u00fade, perman\u00eancia escolar, viol\u00eancia e suporte emocional. A p\u00e1gina de caso da Manauara no IDIS informa que a organiza\u00e7\u00e3o mapeou como desafios regionais, entre outros, gera\u00e7\u00e3o de renda, preven\u00e7\u00e3o \u00e0 gravidez na adolesc\u00eancia, combate \u00e0 prostitui\u00e7\u00e3o, atividades para manter crian\u00e7as fora das ruas e cuidados com a sa\u00fade; o mesmo material registra que as causas priorit\u00e1rias mapeadas t\u00eam olhar para redes femininas de apoio m\u00fatuo em periferias. O Fundo Icamiabas, por sua vez, foi desenhado exatamente para apoiar l\u00edderes comunit\u00e1rias que trabalham em prol de outras mulheres. <\/span><a href=\"https:\/\/www.idis.org.br\/manauara-mirando-a-cidade-de-manaus-com-olhares-comunitarios\/\"><span style=\"font-weight: 400;\">[6]<\/span><\/a><\/p>\n<p><span style=\"font-weight: 400;\">\u00c9 por isso que a met\u00e1fora de \u201cponto de acupuntura social\u201d \u00e9 mais do que ret\u00f3rica. Ela descreve uma estrat\u00e9gia de foco em n\u00f3s comunit\u00e1rios de alta capilaridade. A literatura de filantropia comunit\u00e1ria apoiada pela Mott Foundation insiste em tr\u00eas elementos para que institui\u00e7\u00f5es territoriais funcionem: enraizamento local, confian\u00e7a e mobiliza\u00e7\u00e3o flex\u00edvel de recursos; o programa Transformando Territ\u00f3rios define institutos e funda\u00e7\u00f5es comunit\u00e1rias como arranjos capazes de financiar m\u00faltiplas causas, produzir conhecimento, fortalecer organiza\u00e7\u00f5es e conectar doadores, sociedade civil e poder p\u00fablico. A infer\u00eancia que decorre disso, para Manaus, \u00e9 que apoiar mulheres que j\u00e1 organizam reciprocidade, cuidado e mobiliza\u00e7\u00e3o comunit\u00e1ria tende a reduzir custo de coordena\u00e7\u00e3o, encurtar a dist\u00e2ncia entre recurso e impacto e multiplicar benef\u00edcios em cadeia. <\/span><a href=\"https:\/\/www.mott.org\/issues\/community-philanthropy\/\"><span style=\"font-weight: 400;\">[7]<\/span><\/a><\/p>\n<p><span style=\"font-weight: 400;\">Em linguagem pr\u00e1tica: quando uma lideran\u00e7a feminina j\u00e1 \u00e9 procurada pela vizinhan\u00e7a para orientar, cuidar, encaminhar, ensinar, organizar e mobilizar, ela deixa de ser apenas benefici\u00e1ria e passa a ser infraestrutura social. O apoio a essa mulher n\u00e3o entrega somente um benef\u00edcio individual; ele fortalece uma microinstitui\u00e7\u00e3o de confian\u00e7a j\u00e1 existente. \u00c9 nesse sentido que a estrat\u00e9gia pode produzir o maior impacto socioambiental com o menor esfor\u00e7o adicional poss\u00edvel: n\u00e3o porque os problemas sejam pequenos, mas porque o apoio entra em um ponto onde a circula\u00e7\u00e3o comunit\u00e1ria j\u00e1 existe. Essa \u00e9 uma infer\u00eancia estrat\u00e9gica fundada nas evid\u00eancias acima e que o mapeamento deve validar em campo. <\/span><a href=\"https:\/\/www.agenciaamazonas.am.gov.br\/noticias\/mais-de-70-das-liderancas-comunitarias-do-novo-prosamin-sao-mulheres\/\"><span style=\"font-weight: 400;\">[8]<\/span><\/a><\/p>\n\t<\/div>\n<\/div>\n\n\n\n\n\t\t\t<\/div> \n\t\t<\/div>\n\t<\/div> \n<\/div><\/div>\n\t\t<div id=\"fws_69efc0f34382c\"  data-column-margin=\"80px\" data-midnight=\"dark\"  class=\"wpb_row vc_row-fluid vc_row vc_row-o-equal-height vc_row-flex  top_margin_6pct\"  style=\"padding-top: 0px; padding-bottom: 0px; \"><div class=\"row-bg-wrap\" data-bg-animation=\"none\" data-bg-animation-delay=\"\" data-bg-overlay=\"false\"><div class=\"inner-wrap row-bg-layer\" ><div class=\"row-bg viewport-desktop\"  style=\"\"><\/div><\/div><\/div><div class=\"row_col_wrap_12 col span_12 dark left\">\n\t<div  class=\"vc_col-sm-6 wpb_column column_container vc_column_container col no-extra-padding inherit_tablet inherit_phone \"  data-padding-pos=\"all\" data-has-bg-color=\"false\" data-bg-color=\"\" data-bg-opacity=\"1\" data-animation=\"\" data-delay=\"0\" >\n\t\t<div class=\"vc_column-inner\" >\n\t\t\t<div class=\"wpb_wrapper\">\n\t\t\t\t\n<div class=\"wpb_text_column wpb_content_element \" >\n\t<div class=\"wpb_wrapper\">\n\t\t<h4>3) O QUE O TERRIT\u00d3RIO J\u00c1 MOSTRA<\/h4>\n\t<\/div>\n<\/div>\n\n\n\n\n<div class=\"wpb_text_column wpb_content_element \" >\n\t<div class=\"wpb_wrapper\">\n\t\t<p><span style=\"font-weight: 400;\">Manaus tinha 2.063.689 habitantes no Censo 2022 e \u00e9 uma cidade quase integralmente urbana; a revis\u00e3o do Plano Municipal de Saneamento B\u00e1sico informa que 99,03% da popula\u00e7\u00e3o do munic\u00edpio vive em \u00e1rea urbana. Ao mesmo tempo, o Censo 2022 mostrou que Manaus era o munic\u00edpio brasileiro com maior n\u00famero de pessoas ind\u00edgenas, com 71,7 mil habitantes ind\u00edgenas, o que refor\u00e7a que qualquer leitura do campo social local precisa incluir periferias urbanas, comunidades tradicionais urbanizadas e formas amaz\u00f4nicas espec\u00edficas de ocupa\u00e7\u00e3o e pertencimento. <\/span><a href=\"https:\/\/www.ibge.gov.br\/cidades-e-estados\/am\/manaus.html\"><span style=\"font-weight: 400;\">[9]<\/span><\/a><\/p>\n<p><span style=\"font-weight: 400;\">A precariedade urbana tamb\u00e9m aparece de forma muito concentrada. O IBGE informou que seis das vinte Favelas e Comunidades Urbanas mais populosas do pa\u00eds est\u00e3o em Manaus. Em paralelo, o MapBiomas mostra que Manaus lidera o ranking nacional de \u00e1rea urbanizada em favelas tanto em 1985 quanto em 2024, com crescimento de 2,6 vezes no per\u00edodo; em 2022, o pr\u00f3prio MapBiomas j\u00e1 apontava Manaus como um dos maiores destaques nacionais no avan\u00e7o da urbaniza\u00e7\u00e3o informal. Em dezembro de 2025, o IBGE acrescentou outra dimens\u00e3o do problema: Manaus aparecia entre os maiores valores absolutos de moradores de favelas em trechos de vias sem ilumina\u00e7\u00e3o p\u00fablica, com 85 mil pessoas nessa condi\u00e7\u00e3o. <\/span><a href=\"https:\/\/agenciadenoticias.ibge.gov.br\/agencia-noticias\/2012-agencia-de-noticias\/noticias\/41797-censo-2022-brasil-tinha-16-4-milhoes-de-pessoas-morando-em-favelas-e-comunidades-urbanas\"><span style=\"font-weight: 400;\">[10]<\/span><\/a><\/p>\n<p><span style=\"font-weight: 400;\">Na infraestrutura b\u00e1sica, o d\u00e9ficit de esgotamento sanit\u00e1rio continua sendo um sinal de alerta. Em 2024, o Instituto Trata Brasil resumiu a situa\u00e7\u00e3o de Manaus dizendo que mais de 1,5 milh\u00e3o de moradores n\u00e3o tinham acesso \u00e0 coleta de esgoto e que apenas 21,8% do esgoto gerado na cidade era tratado; o texto descreve os servi\u00e7os de coleta e tratamento como prec\u00e1rios e distantes da universaliza\u00e7\u00e3o. Somado a isso, o Plano de A\u00e7\u00e3o Clim\u00e1tica de Manaus passou a mapear, com proje\u00e7\u00f5es at\u00e9 2050, riscos associados a inunda\u00e7\u00f5es fluviais, deslizamentos, arboviroses, ondas de calor, secas e inc\u00eandios, enquanto o Plancon municipal lista chuvas intensas, cheia, estiagem e inc\u00eandio como hip\u00f3teses de desastre, com indica\u00e7\u00e3o de \u00e1reas suscet\u00edveis. <\/span><a href=\"https:\/\/tratabrasil.org.br\/355-anos-manaus-panorama-do-saneamento-basico\/\"><span style=\"font-weight: 400;\">[11]<\/span><\/a><\/p>\n<p><span style=\"font-weight: 400;\">Em outras palavras, a pobreza urbana em Manaus n\u00e3o \u00e9 apenas um problema de renda. Ela se expressa como combina\u00e7\u00e3o de ocupa\u00e7\u00e3o informal, fragilidade ambiental, baixa infraestrutura, riscos recorrentes, d\u00e9ficit de servi\u00e7os e sobrecarga de cuidado no interior das fam\u00edlias e das redes de vizinhan\u00e7a. \u00c9 esse ambiente que torna especialmente valiosa a identifica\u00e7\u00e3o de lideran\u00e7as que j\u00e1 funcionam como mediadoras locais entre necessidade, confian\u00e7a e a\u00e7\u00e3o concreta. <\/span><a href=\"https:\/\/www.seas.am.gov.br\/wp-content\/uploads\/2021\/01\/DIAGNOSTICO-SOCIOTERRITORIAL-DO-ESTADO-DO-AMAZONAS.pdf\"><span style=\"font-weight: 400;\">[12]<\/span><\/a><\/p>\n\t<\/div>\n<\/div>\n\n\n\n\n\t\t\t<\/div> \n\t\t<\/div>\n\t<\/div> \n\n\t<div  class=\"vc_col-sm-6 wpb_column column_container vc_column_container col no-extra-padding inherit_tablet inherit_phone \"  data-padding-pos=\"all\" data-has-bg-color=\"false\" data-bg-color=\"\" data-bg-opacity=\"1\" data-animation=\"\" data-delay=\"0\" >\n\t\t<div class=\"vc_column-inner\" >\n\t\t\t<div class=\"wpb_wrapper\">\n\t\t\t\t\n<div class=\"wpb_text_column wpb_content_element \" >\n\t<div class=\"wpb_wrapper\">\n\t\t<h4>4) PROGRAMA ICAMIABAS, MANAUARA E A ADAPTA\u00c7\u00c3O AMAZ\u00d4NICA DO MODELO DE FUNDA\u00c7\u00c3O COMUNIT\u00c1RIA<\/h4>\n\t<\/div>\n<\/div>\n\n\n\n\n<div class=\"wpb_text_column wpb_content_element \" >\n\t<div class=\"wpb_wrapper\">\n\t\t<p><em><span style=\"font-weight: 400;\">O modelo conceitual de refer\u00eancia \u00e9 relativamente n\u00edtido. A Charles Stewart Mott Foundation descreve a filantropia comunit\u00e1ria como formada por organiza\u00e7\u00f5es filantr\u00f3picas territoriais, dur\u00e1veis e sustent\u00e1veis, capazes de construir confian\u00e7a e reunir pessoas de diferentes partes da comunidade em torno de solu\u00e7\u00f5es compartilhadas. O programa Transformando Territ\u00f3rios do IDIS, dentro do qual a Manauara foi criada, por sua vez, define institutos e funda\u00e7\u00f5es comunit\u00e1rias como organiza\u00e7\u00f5es voltadas a um territ\u00f3rio delimitado, com vis\u00e3o de longo prazo, atua\u00e7\u00e3o como grantmakers e capacidade de fortalecer o terceiro setor local, produzir conhecimento e fomentar cultura de doa\u00e7\u00e3o. <\/span><a href=\"https:\/\/www.mott.org\/issues\/community-philanthropy\/\"><span style=\"font-weight: 400;\">[13]<\/span><\/a><\/em><\/p>\n<p><em><span style=\"font-weight: 400;\">A Manauara assume publicamente esse lugar. Em seu site, a organiza\u00e7\u00e3o descreve cinco fun\u00e7\u00f5es: capta\u00e7\u00e3o de recursos, gest\u00e3o financeira, pesquisa e descoberta, distribui\u00e7\u00e3o de recursos e acompanhamento de projetos. O texto afirma que \u201cmapear constantemente as demandas da popula\u00e7\u00e3o local e as a\u00e7\u00f5es j\u00e1 desenvolvidas pelos movimentos sociais, ONGs e ativistas locais \u00e9 o cora\u00e7\u00e3o do trabalho\u201d e que a associa\u00e7\u00e3o mant\u00e9m pesquisa constante sobre ONGs e ativistas com iniciativas de impacto no territ\u00f3rio. Em outra p\u00e1gina institucional, a Manauara afirma ter sido criada com apoio do IDIS e da Charles Stewart Mott Foundation no contexto do programa Transformando Territ\u00f3rios. <\/span><a href=\"https:\/\/manauara.org\/o-que-fazemos\/\"><span style=\"font-weight: 400;\">[14]<\/span><\/a><\/em><\/p>\n<p><em><span style=\"font-weight: 400;\">O Programa Icamiabas traduz esse arcabou\u00e7o para uma tecnologia social muito mais concreta e aderente ao cotidiano da periferia manauara. A descri\u00e7\u00e3o p\u00fablica do programa diz que cada lideran\u00e7a apoiada recebe, por dois anos, apoio financeiro simplificado a fundo perdido, coaching pessoal, aconselhamento voltado a empreendedorismo e constru\u00e7\u00e3o conjunta de um projeto com objetivos e mensura\u00e7\u00e3o simples; a p\u00e1gina detalha ainda que, no primeiro ano, a Icamiaba pode receber de R$ 500 a R$ 1.000 por m\u00eas via cart\u00e3o de d\u00e9bito recarregado para viabilizar atividades de gera\u00e7\u00e3o de renda. J\u00e1 o caso publicado pelo IDIS informa que o Fundo Icamiabas surgiu depois da percep\u00e7\u00e3o de que era preciso um formato mais simples do que edital, com busca ativa baseada em entrevistas cruzadas, isto \u00e9, snowball mapping. <\/span><a href=\"https:\/\/manauara.org\/fundos\/fundo-icamiabas\/\"><span style=\"font-weight: 400;\">[15]<\/span><\/a><\/em><\/p>\n<p><em><span style=\"font-weight: 400;\">\u00c9 aqui que aparece a adapta\u00e7\u00e3o amaz\u00f4nica do modelo de funda\u00e7\u00e3o comunit\u00e1ria. Em vez de reproduzir uma funda\u00e7\u00e3o comunit\u00e1ria cl\u00e1ssica centrada desde o in\u00edcio em endowment robusto, grantmaking formal e institucionalidade pesada, a Manauara come\u00e7a por aquilo que o territ\u00f3rio exige: escuta ativa, identifica\u00e7\u00e3o de lideran\u00e7as invisibilizadas, rede local de confian\u00e7a, pequenos repasses flex\u00edveis, apoio humano cont\u00ednuo e foco em causas que atravessam o dia a dia das mulheres nas periferias. Em vez de um desenho importado \u201cpronto\u201d, o que se v\u00ea \u00e9 uma tradu\u00e7\u00e3o do conceito de filantropia comunit\u00e1ria para uma cidade amaz\u00f4nica em que vulnerabilidade social, informalidade urbana e urg\u00eancia socioambiental se sobrep\u00f5em. Essa s\u00edntese \u00e9 uma interpreta\u00e7\u00e3o ancorada nas descri\u00e7\u00f5es p\u00fablicas do programa, do modelo de funda\u00e7\u00e3o comunit\u00e1ria e do contexto territorial de Manaus. <\/span><a href=\"https:\/\/transformandoterritorios.org.br\/\"><span style=\"font-weight: 400;\">[16]<\/span><\/a><\/em><\/p>\n\t<\/div>\n<\/div>\n\n\n\n\n\t\t\t<\/div> \n\t\t<\/div>\n\t<\/div> \n<\/div><\/div>\n\t\t<div id=\"fws_69efc0f344fde\"  data-column-margin=\"default\" data-midnight=\"dark\"  class=\"wpb_row vc_row-fluid vc_row  top_margin_6pct\"  style=\"padding-top: 0px; padding-bottom: 0px; \"><div class=\"row-bg-wrap\" data-bg-animation=\"none\" data-bg-animation-delay=\"\" data-bg-overlay=\"false\"><div class=\"inner-wrap row-bg-layer\" ><div class=\"row-bg viewport-desktop\"  style=\"\"><\/div><\/div><\/div><div class=\"row_col_wrap_12 col span_12 dark left\">\n\t<div  class=\"vc_col-sm-12 wpb_column column_container vc_column_container col no-extra-padding inherit_tablet inherit_phone \"  data-padding-pos=\"all\" data-has-bg-color=\"false\" data-bg-color=\"\" data-bg-opacity=\"1\" data-animation=\"\" data-delay=\"0\" >\n\t\t<div class=\"vc_column-inner\" >\n\t\t\t<div class=\"wpb_wrapper\">\n\t\t\t\t<div class=\"img-with-aniamtion-wrap center\" data-max-width=\"150%\" data-max-width-mobile=\"default\" data-border-radius=\"5px\" data-shadow=\"small_depth\" data-animation=\"none\" >\n      <div class=\"inner\">\n        <div class=\"hover-wrap\"> \n          <div class=\"hover-wrap-inner\">\n            <img loading=\"lazy\" decoding=\"async\" class=\"img-with-animation skip-lazy\" data-delay=\"0\" height=\"200\" width=\"912\" data-animation=\"none\" src=\"https:\/\/i0.wp.com\/manauara.org\/wp-content\/uploads\/2024\/07\/AVENIDA-MARGARITA-ESTREITA.webp?fit=912%2C200&#038;ssl=1\" alt=\"\" srcset=\"https:\/\/i0.wp.com\/manauara.org\/wp-content\/uploads\/2024\/07\/AVENIDA-MARGARITA-ESTREITA.webp?w=912&ssl=1 912w, https:\/\/i0.wp.com\/manauara.org\/wp-content\/uploads\/2024\/07\/AVENIDA-MARGARITA-ESTREITA.webp?resize=300%2C66&ssl=1 300w, https:\/\/i0.wp.com\/manauara.org\/wp-content\/uploads\/2024\/07\/AVENIDA-MARGARITA-ESTREITA.webp?resize=768%2C168&ssl=1 768w\" sizes=\"auto, (max-width: 912px) 100vw, 912px\" \/>\n          <\/div>\n        <\/div>\n      <\/div>\n    <\/div>\n\t\t\t<\/div> \n\t\t<\/div>\n\t<\/div> \n<\/div><\/div>\n\t\t<div id=\"fws_69efc0f347e48\"  data-column-margin=\"80px\" data-midnight=\"dark\"  class=\"wpb_row vc_row-fluid vc_row vc_row-o-equal-height vc_row-flex  top_margin_6pct\"  style=\"padding-top: 0px; padding-bottom: 0px; \"><div class=\"row-bg-wrap\" data-bg-animation=\"none\" data-bg-animation-delay=\"\" data-bg-overlay=\"false\"><div class=\"inner-wrap row-bg-layer\" ><div class=\"row-bg viewport-desktop\"  style=\"\"><\/div><\/div><\/div><div class=\"row_col_wrap_12 col span_12 dark left\">\n\t<div  class=\"vc_col-sm-6 wpb_column column_container vc_column_container col no-extra-padding inherit_tablet inherit_phone \"  data-padding-pos=\"all\" data-has-bg-color=\"false\" data-bg-color=\"\" data-bg-opacity=\"1\" data-animation=\"\" data-delay=\"0\" >\n\t\t<div class=\"vc_column-inner\" >\n\t\t\t<div class=\"wpb_wrapper\">\n\t\t\t\t\n<div class=\"wpb_text_column wpb_content_element \" >\n\t<div class=\"wpb_wrapper\">\n\t\t<h4>5) BASE DOCUMENTAL PRIORIT\u00c1RIA<\/h4>\n\t<\/div>\n<\/div>\n\n\n\n\n<div class=\"wpb_text_column wpb_content_element \" >\n\t<div class=\"wpb_wrapper\">\n\t\t<p><span style=\"font-weight: 400;\">A lista abaixo re\u00fane as fontes mais \u00fateis para informar o mapeamento. As cita\u00e7\u00f5es funcionam como links diretos.<\/span><\/p>\n<p><b>Bases p\u00fablicas e administrativas<\/b><\/p>\n<ul>\n<li style=\"font-weight: 400;\" aria-level=\"1\"><b>IBGE<\/b> <a href=\"https:\/\/revistas.ufj.edu.br\/geoambiente\/article\/view\/48606\"><b>[17]<\/b><\/a><span style=\"font-weight: 400;\"> e Censo 2022 de Manaus: ponto de partida para popula\u00e7\u00e3o, densidade, perfil municipal e s\u00e9ries b\u00e1sicas do territ\u00f3rio. <\/span><a href=\"https:\/\/www.ibge.gov.br\/cidades-e-estados\/am\/manaus.html\"><span style=\"font-weight: 400;\">[18]<\/span><\/a><\/li>\n<li style=\"font-weight: 400;\" aria-level=\"1\"><span style=\"font-weight: 400;\"><strong>Censo 2022 sobre Favelas e Comunidades Urbanas<\/strong>: essencial para medir concentra\u00e7\u00e3o da informalidade, dimens\u00e3o das comunidades e desigualdades urban\u00edsticas dentro e fora desses territ\u00f3rios. <\/span><a href=\"https:\/\/agenciadenoticias.ibge.gov.br\/agencia-noticias\/2012-agencia-de-noticias\/noticias\/41797-censo-2022-brasil-tinha-16-4-milhoes-de-pessoas-morando-em-favelas-e-comunidades-urbanas\"><span style=\"font-weight: 400;\">[19]<\/span><\/a><\/li>\n<li style=\"font-weight: 400;\" aria-level=\"1\"><span style=\"font-weight: 400;\"><strong>Censo 2022 sobre popula\u00e7\u00e3o ind\u00edgena<\/strong>: indispens\u00e1vel para localizar a especificidade amaz\u00f4nica e a centralidade ind\u00edgena no campo social urbano de Manaus. <\/span><a href=\"https:\/\/agenciadenoticias.ibge.gov.br\/agencia-noticias\/2012-agencia-de-noticias\/noticias\/37565-brasil-tem-1-7-milhao-de-indigenas-e-mais-da-metade-deles-vive-na-amazonia-legal\"><span style=\"font-weight: 400;\">[20]<\/span><\/a><\/li>\n<li style=\"font-weight: 400;\" aria-level=\"1\"><b>Ipea<\/b><a href=\"https:\/\/www.agenciaamazonas.am.gov.br\/noticias\/mais-de-70-das-liderancas-comunitarias-do-novo-prosamin-sao-mulheres\/\"><b>[21]<\/b><\/a><span style=\"font-weight: 400;\">, Atlas Brasil e Atlas da Vulnerabilidade Social: \u00fateis para compor leitura de renda, educa\u00e7\u00e3o, longevidade e vulnerabilidade social em escala municipal e metropolitana. <\/span><a href=\"https:\/\/www.atlasbrasil.org.br\/perfil\/municipio\/1302603\"><span style=\"font-weight: 400;\">[22]<\/span><\/a><\/li>\n<li style=\"font-weight: 400;\" aria-level=\"1\"><b>Minist\u00e9rio do Desenvolvimento e Assist\u00eancia Social, Fam\u00edlia e Combate \u00e0 Fome<\/b><a href=\"https:\/\/www.idis.org.br\/tag\/manaus\/\"><b>[23]<\/b><\/a><span style=\"font-weight: 400;\">, CECAD e VIS DATA: conjunto mais \u00fatil para explorar perfis de fam\u00edlias de baixa renda, composi\u00e7\u00e3o domiciliar, renda, escolaridade, trabalho e defici\u00eancia. <\/span><a href=\"https:\/\/cecad.cidadania.gov.br\/\"><span style=\"font-weight: 400;\">[24]<\/span><\/a><\/li>\n<li style=\"font-weight: 400;\" aria-level=\"1\"><b>Instituto Trata Brasil<\/b><a href=\"https:\/\/tratabrasil.org.br\/355-anos-manaus-panorama-do-saneamento-basico\/\"><b>[25]<\/b><\/a><span style=\"font-weight: 400;\"> e Painel Saneamento Brasil: fundamentais para saneamento, tratamento de esgoto e efeitos sobre sa\u00fade. Para Manaus, o retrato recente continua cr\u00edtico. <\/span><a href=\"https:\/\/tratabrasil.org.br\/355-anos-manaus-panorama-do-saneamento-basico\/\"><span style=\"font-weight: 400;\">[26]<\/span><\/a><\/li>\n<\/ul>\n<p><b>Diagn\u00f3sticos participativos e territoriais de Manaus<\/b><\/p>\n<ul>\n<li style=\"font-weight: 400;\" aria-level=\"1\"><span style=\"font-weight: 400;\"><strong>Relat\u00f3rio do PPA Participativo 2026-2029 de Manaus<\/strong>: mostra prioridades captadas em consulta p\u00fablica recente e serve como fonte de valida\u00e7\u00e3o das urg\u00eancias percebidas pela popula\u00e7\u00e3o. <\/span><a href=\"https:\/\/ppaparticipativo.manaus.am.gov.br\/relatorio-resultado-ppa-participativo.pdf\"><span style=\"font-weight: 400;\">[27]<\/span><\/a><\/li>\n<li style=\"font-weight: 400;\" aria-level=\"1\"><span style=\"font-weight: 400;\"><strong>Revis\u00e3o do Plano Municipal de Saneamento B\u00e1sico de Manaus<\/strong>: muito valiosa porque cruza dados oficiais, secretarias municipais e bibliografia acad\u00eamica, al\u00e9m de incluir diagn\u00f3stico socioambiental e saneamento rural\/periurbano. <\/span><a href=\"https:\/\/planodesaneamento.manaus.am.gov.br\/wp-content\/uploads\/2026\/01\/PMSB-MANAUS-DIAGNOSTICO-SOCIAMBIENTAL.pdf\"><span style=\"font-weight: 400;\">[28]<\/span><\/a><\/li>\n<li style=\"font-weight: 400;\" aria-level=\"1\"><span style=\"font-weight: 400;\"><strong>Plano de A\u00e7\u00e3o Clim\u00e1tica de Manaus<\/strong>: importante para localizar riscos de inunda\u00e7\u00e3o, deslizamento, calor, seca, inc\u00eandio e arboviroses, al\u00e9m de registrar consulta com atores p\u00fablicos e sociedade civil. <\/span><a href=\"https:\/\/www.manaus.am.gov.br\/semmas\/wp-content\/uploads\/sites\/26\/2026\/02\/20251015_PAC_MAU_V04.pdf\"><span style=\"font-weight: 400;\">[29]<\/span><\/a><\/li>\n<li style=\"font-weight: 400;\" aria-level=\"1\"><span style=\"font-weight: 400;\"><strong>Plancon 2024 e iniciativas de redu\u00e7\u00e3o de risco<\/strong>: essenciais para identificar \u00e1reas suscet\u00edveis a desastre, fam\u00edlias em \u00e1reas de risco e conex\u00f5es entre vulnerabilidade urbana e emerg\u00eancia clim\u00e1tica. <\/span><a href=\"https:\/\/www.manaus.am.gov.br\/wp-content\/uploads\/2025\/03\/PLANO-DE-CONTINGENCIA-OFICIAL-2024-UNIFICADO.pdf\"><span style=\"font-weight: 400;\">[30]<\/span><\/a><\/li>\n<li style=\"font-weight: 400;\" aria-level=\"1\"><b>Observat\u00f3rio da Regi\u00e3o Metropolitana de Manaus<\/b> <a href=\"https:\/\/agenciadenoticias.ibge.gov.br\/agencia-noticias\/2012-agencia-de-noticias\/noticias\/37565-brasil-tem-1-7-milhao-de-indigenas-e-mais-da-metade-deles-vive-na-amazonia-legal\"><b>[31]<\/b><\/a><span style=\"font-weight: 400;\">, criado por iniciativa da <\/span><b>Funda\u00e7\u00e3o Vit\u00f3ria Amaz\u00f4nica <\/b><a href=\"https:\/\/agenciadenoticias.ibge.gov.br\/agencia-noticias\/2012-agencia-de-noticias\/noticias\/41797-censo-2022-brasil-tinha-16-4-milhoes-de-pessoas-morando-em-favelas-e-comunidades-urbanas\"><b>[32]<\/b><\/a><span style=\"font-weight: 400;\">: \u00fatil para publica\u00e7\u00f5es, mapoteca e experi\u00eancias participativas sobre mudan\u00e7as clim\u00e1ticas e governan\u00e7a metropolitana. <\/span><a href=\"https:\/\/www.observatoriormm.org.br\/\"><span style=\"font-weight: 400;\">[33]<\/span><\/a><\/li>\n<li style=\"font-weight: 400;\" aria-level=\"1\"><b>MapBiomas<\/b> <a href=\"https:\/\/www.idis.org.br\/manauara-mirando-a-cidade-de-manaus-com-olhares-comunitarios\/\"><b>[34]<\/b><\/a><span style=\"font-weight: 400;\">: base quase obrigat\u00f3ria para enxergar a expans\u00e3o territorial das favelas e a ocupa\u00e7\u00e3o de \u00e1reas de risco na capital e na regi\u00e3o metropolitana. <\/span><a href=\"https:\/\/brasil.mapbiomas.org\/2026\/03\/04\/brasil-areas-urbanas-em-regioes-de-risco-crescem-mais-rapido-que-urbanizacao-total-entre-1985-e-2024\/\"><span style=\"font-weight: 400;\">[35]<\/span><\/a><\/li>\n<\/ul>\n<p><b>Pesquisas acad\u00eamicas e de organiza\u00e7\u00f5es sociais<\/b><\/p>\n<ul>\n<li style=\"font-weight: 400;\" aria-level=\"1\"><b>Universidade Federal do Amazonas<\/b><a href=\"https:\/\/planodesaneamento.manaus.am.gov.br\/wp-content\/uploads\/2026\/01\/PMSB-MANAUS-DIAGNOSTICO-SOCIAMBIENTAL.pdf\"><b>[36]<\/b><\/a><span style=\"font-weight: 400;\"> e estudos correlatos sobre fragilidade socioambiental na Zona Oeste, risco em bacias urbanizadas e polui\u00e7\u00e3o dos igarap\u00e9s: ajudam a territorializar a vulnerabilidade em microbacias, encostas e \u00e1reas de expans\u00e3o prec\u00e1ria. <\/span><a href=\"https:\/\/tede.ufam.edu.br\/bitstream\/tede\/8793\/10\/Disserta%C3%A7%C3%A3o_JeanOliveira_PPGEOG.pdf\"><span style=\"font-weight: 400;\">[37]<\/span><\/a><\/li>\n<li style=\"font-weight: 400;\" aria-level=\"1\"><span style=\"font-weight: 400;\"><strong>Diagn\u00f3stico socioambiental da comunidade do Crespo<\/strong>: exemplar metodologicamente porque usa pesquisa participativa e mostra como saneamento, inunda\u00e7\u00e3o e moradia se articulam no n\u00edvel comunit\u00e1rio. <\/span><a href=\"https:\/\/revistas.ufj.edu.br\/geoambiente\/article\/view\/48606\"><span style=\"font-weight: 400;\">[38]<\/span><\/a><\/li>\n<li style=\"font-weight: 400;\" aria-level=\"1\"><b>Funda\u00e7\u00e3o Amaz\u00f4nia Sustent\u00e1vel<\/b> <a href=\"https:\/\/www.idis.org.br\/manauara-mirando-a-cidade-de-manaus-com-olhares-comunitarios\/\"><b>[39]<\/b><\/a><span style=\"font-weight: 400;\">, diagn\u00f3stico de g\u00eanero no Amazonas: muito \u00fatil para mapear pol\u00edticas p\u00fablicas, movimentos de mulheres e lacunas institucionais que afetam lideran\u00e7as femininas. <\/span><a href=\"https:\/\/fas-amazonia.org\/wp-content\/uploads\/2022\/12\/psi-diagnostico-de-genero-no-amazonas-politicas-publicas-e-inclusao-de-mulheres_compressed.pdf\"><span style=\"font-weight: 400;\">[40]<\/span><\/a><\/li>\n<li style=\"font-weight: 400;\" aria-level=\"1\"><b>Instituto Bem Cuidar<\/b> <a href=\"https:\/\/agenciadenoticias.ibge.gov.br\/agencia-noticias\/2012-agencia-de-noticias\/noticias\/41797-censo-2022-brasil-tinha-16-4-milhoes-de-pessoas-morando-em-favelas-e-comunidades-urbanas\"><b>[41]<\/b><\/a><span style=\"font-weight: 400;\"> e <strong>AISOS<\/strong>, pesquisa sobre crian\u00e7as e adolescentes em Manaus: importante para entender falhas de prote\u00e7\u00e3o, conviv\u00eancia familiar e comunit\u00e1ria e desarticula\u00e7\u00e3o da rede de garantia de direitos. <\/span><a href=\"https:\/\/institutobemcuidar.org.br\/wp-content\/uploads\/2022\/12\/Relatorio-final-Pesquisa-COVID19-Manaus-2021-22-AISOS-IBC-1.pdf\"><span style=\"font-weight: 400;\">[42]<\/span><\/a><\/li>\n<li style=\"font-weight: 400;\" aria-level=\"1\"><span style=\"font-weight: 400;\"><strong>Pesquisas e relatos sobre mulheres na organiza\u00e7\u00e3o comunit\u00e1ria em Manaus<\/strong> e no Amazonas, incluindo o Movimento Orqu\u00eddeas, feminismos na Amaz\u00f4nia e a predomin\u00e2ncia feminina nas lideran\u00e7as do Prosamin+: material central para fundamentar a escolha por lideran\u00e7as femininas como alavancas territoriais. <\/span><a href=\"https:\/\/tede.ufam.edu.br\/bitstream\/tede\/5969\/5\/Disserta%C3%A7%C3%A3o%20-%20Alessandra%20A.%20Sales.pdf\"><span style=\"font-weight: 400;\">[43]<\/span><\/a><\/li>\n<\/ul>\n\t<\/div>\n<\/div>\n\n\n\n\n\t\t\t<\/div> \n\t\t<\/div>\n\t<\/div> \n\n\t<div  class=\"vc_col-sm-6 wpb_column column_container vc_column_container col no-extra-padding inherit_tablet inherit_phone \"  data-padding-pos=\"all\" data-has-bg-color=\"false\" data-bg-color=\"\" data-bg-opacity=\"1\" data-animation=\"\" data-delay=\"0\" >\n\t\t<div class=\"vc_column-inner\" >\n\t\t\t<div class=\"wpb_wrapper\">\n\t\t\t\t\n<div class=\"wpb_text_column wpb_content_element \" >\n\t<div class=\"wpb_wrapper\">\n\t\t<h4>6) CONCLUS\u00c3O<\/h4>\n\t<\/div>\n<\/div>\n\n\n\n\n<div class=\"wpb_text_column wpb_content_element \" >\n\t<div class=\"wpb_wrapper\">\n\t\t<p><em><strong>A decis\u00e3o de apoiar lideran\u00e7as comunit\u00e1rias femininas em Manaus \u00e9 defens\u00e1vel porque combina coer\u00eancia territorial, coer\u00eancia metodol\u00f3gica e coer\u00eancia institucional. Territorial, porque os problemas que mais se acumulam na cidade \u2014 saneamento prec\u00e1rio, expans\u00e3o informal, risco clim\u00e1tico, desprote\u00e7\u00e3o social e sobrecarga de cuidado \u2014 se manifestam em circuitos cotidianos nos quais mulheres j\u00e1 atuam como organizadoras locais. Metodol\u00f3gica, porque a literatura e os diagn\u00f3sticos dispon\u00edveis sugerem que o impacto cresce quando o recurso entra por pontos de confian\u00e7a j\u00e1 existentes, e n\u00e3o apenas por chamadas gen\u00e9ricas. Institucional, porque esse desenho est\u00e1 em continuidade com o que a Manauara j\u00e1 descreve como sua voca\u00e7\u00e3o: mapear demandas, descobrir atores, distribuir recursos e acompanhar impacto. <a href=\"https:\/\/tratabrasil.org.br\/355-anos-manaus-panorama-do-saneamento-basico\/\">[44]<\/a><\/strong><\/em><\/p>\n<p><em><strong>Em termos de desenho de pesquisa, isso leva a uma recomenda\u00e7\u00e3o objetiva: usar os levantamentos existentes para encontrar os territ\u00f3rios mais pressionados e, dentro deles, aplicar busca ativa em rede para identificar mulheres que j\u00e1 apoiam outras mulheres, organizam gera\u00e7\u00e3o de renda, cuidado, encaminhamento e mobiliza\u00e7\u00e3o comunit\u00e1ria. Esse \u00e9 o sentido mais rigoroso do que estamos chamando de \u201cacupuntura social\u201d: focalizar apoio flex\u00edvel, cont\u00ednuo e de baixa burocracia em lideran\u00e7as que j\u00e1 concentram confian\u00e7a local e que, por isso, podem transformar pouco recurso adicional em muito efeito comunit\u00e1rio. <a href=\"https:\/\/agenciadenoticias.ibge.gov.br\/agencia-noticias\/2012-agencia-de-noticias\/noticias\/41797-censo-2022-brasil-tinha-16-4-milhoes-de-pessoas-morando-em-favelas-e-comunidades-urbanas\">[45]<\/a><\/strong><\/em><\/p>\n\t<\/div>\n<\/div>\n\n\n\n\n\t\t\t<\/div> \n\t\t<\/div>\n\t<\/div> \n<\/div><\/div>\n\t\t<div id=\"fws_69efc0f34a1bf\"  data-br=\"5px\" data-br-applies=\"bg\" data-column-margin=\"default\" data-midnight=\"dark\" data-top-percent=\"4%\" data-bottom-percent=\"4%\"  class=\"wpb_row vc_row-fluid vc_row vc_row-o-equal-height vc_row-flex vc_row-o-content-middle  top_margin_6pct bottom_margin_6pct left_padding_4pct\"  style=\"padding-top: calc(100vw * 0.04); padding-bottom: calc(100vw * 0.04); \"><div class=\"row-bg-wrap\" data-bg-animation=\"none\" data-bg-animation-delay=\"\" data-bg-overlay=\"false\"><div class=\"inner-wrap row-bg-layer\" ><div class=\"row-bg viewport-desktop using-bg-color\"  style=\"background-color: #ffffff; \"><\/div><\/div><\/div><div class=\"row_col_wrap_12 col span_12 dark left\">\n\t<div  class=\"vc_col-sm-4 wpb_column column_container vc_column_container col no-extra-padding inherit_tablet inherit_phone \"  data-padding-pos=\"all\" data-has-bg-color=\"false\" data-bg-color=\"\" data-bg-opacity=\"1\" data-animation=\"\" data-delay=\"0\" >\n\t\t<div class=\"vc_column-inner\" >\n\t\t\t<div class=\"wpb_wrapper\">\n\t\t\t\t\n<div class=\"wpb_text_column wpb_content_element \" >\n\t<div class=\"wpb_wrapper\">\n\t\t<h2 class=\"elementor-heading-title elementor-size-default\">Conta para doa\u00e7\u00f5es exclusivas ao fundo\u200b<\/h2>\n\t<\/div>\n<\/div>\n\n\n\n\n\t\t\t<\/div> \n\t\t<\/div>\n\t<\/div> \n\n\t<div  class=\"vc_col-sm-4 wpb_column column_container vc_column_container col no-extra-padding inherit_tablet inherit_phone \"  data-padding-pos=\"all\" data-has-bg-color=\"false\" data-bg-color=\"\" data-bg-opacity=\"1\" data-animation=\"\" data-delay=\"0\" >\n\t\t<div class=\"vc_column-inner\" >\n\t\t\t<div class=\"wpb_wrapper\">\n\t\t\t\t\n<div class=\"wpb_text_column wpb_content_element \" >\n\t<div class=\"wpb_wrapper\">\n\t\t<h2 class=\"elementor-heading-title elementor-size-default\">Banco CORA AG 0001<br \/>\nCC 4180703-7<\/h2>\n\t<\/div>\n<\/div>\n\n\n\n\n\t\t\t<\/div> \n\t\t<\/div>\n\t<\/div> \n\n\t<div  class=\"vc_col-sm-4 wpb_column column_container vc_column_container col no-extra-padding inherit_tablet inherit_phone \"  data-padding-pos=\"all\" data-has-bg-color=\"false\" data-bg-color=\"\" data-bg-opacity=\"1\" data-animation=\"\" data-delay=\"0\" >\n\t\t<div class=\"vc_column-inner\" >\n\t\t\t<div class=\"wpb_wrapper\">\n\t\t\t\t\n<div class=\"wpb_text_column wpb_content_element \" >\n\t<div class=\"wpb_wrapper\">\n\t\t<h2 class=\"elementor-heading-title elementor-size-default\">PIX: contato@manaura.org<\/h2>\n\t<\/div>\n<\/div>\n\n\n\n\n\t\t\t<\/div> \n\t\t<\/div>\n\t<\/div> \n<\/div><\/div>\n","protected":false},"excerpt":{"rendered":"Mapeamento do campo social de Manaus O campo social de Manaus n\u00e3o est\u00e1 vazio de dados, mas fragmentado entre bases censit\u00e1rias, diagn\u00f3sticos setoriais, planos territoriais, pesquisas acad\u00eamicas e levantamentos de...","protected":false},"author":2,"featured_media":0,"parent":0,"menu_order":0,"comment_status":"closed","ping_status":"closed","template":"","meta":{"advanced_seo_description":"","jetpack_seo_html_title":"","jetpack_seo_noindex":false,"footnotes":""},"class_list":["post-2914","page","type-page","status-publish"],"_links":{"self":[{"href":"https:\/\/manauara.org\/en\/wp-json\/wp\/v2\/pages\/2914","targetHints":{"allow":["GET"]}}],"collection":[{"href":"https:\/\/manauara.org\/en\/wp-json\/wp\/v2\/pages"}],"about":[{"href":"https:\/\/manauara.org\/en\/wp-json\/wp\/v2\/types\/page"}],"author":[{"embeddable":true,"href":"https:\/\/manauara.org\/en\/wp-json\/wp\/v2\/users\/2"}],"replies":[{"embeddable":true,"href":"https:\/\/manauara.org\/en\/wp-json\/wp\/v2\/comments?post=2914"}],"version-history":[{"count":14,"href":"https:\/\/manauara.org\/en\/wp-json\/wp\/v2\/pages\/2914\/revisions"}],"predecessor-version":[{"id":2930,"href":"https:\/\/manauara.org\/en\/wp-json\/wp\/v2\/pages\/2914\/revisions\/2930"}],"wp:attachment":[{"href":"https:\/\/manauara.org\/en\/wp-json\/wp\/v2\/media?parent=2914"}],"curies":[{"name":"wp","href":"https:\/\/api.w.org\/{rel}","templated":true}]}}